{"id":59,"date":"2017-05-07T22:47:40","date_gmt":"2017-05-07T22:47:40","guid":{"rendered":"http:\/\/www.audiograal.com\/site\/?page_id=59"},"modified":"2017-06-28T20:20:37","modified_gmt":"2017-06-28T20:20:37","slug":"a-propos","status":"publish","type":"page","link":"https:\/\/www.audiograal.com\/site\/a-propos\/","title":{"rendered":"A propos"},"content":{"rendered":"<h1 class=\"entry-title\">Qui suis-je ..<\/h1>\n<p>&nbsp;<\/p>\n<div class=\"post-content entry-content\">\n<div class=\"et_pb_section et_pb_section_0 et_section_regular\">\n<div class=\" et_pb_row et_pb_row_0\">\n<div class=\"et_pb_column et_pb_column_4_4 et_pb_column_0\">\n<div class=\"et_pb_text et_pb_module et_pb_bg_layout_light et_pb_text_align_left et_pb_text_0\">Je pratique ce m\u00e9tier (le Son) depuis plus de 25 ans .\u00a0 Je\u00a0 suis tomb\u00e9 dedans pas tout \u00e0 fait par hasard, car mes parents \u00e9taient tous les deux des artistes. Il m\u2019arrivait fr\u00e9quemment de les accompagner dans les studios d\u2019enregistrements o\u00f9 j\u2019ai tr\u00e8s vite \u00e9t\u00e9 fascin\u00e9 par cette ambiance tr\u00e8s particuli\u00e8re.<\/div>\n<div class=\"et_pb_text et_pb_module et_pb_bg_layout_light et_pb_text_align_left et_pb_text_0\">A 12 ans, je croise un stagiaire au studio Davout\u00a0 (Paris) qui me parle de l\u2019\u00e9cole Louis Lumi\u00e8re, apr\u00e8s une petite enqu\u00e8te,\u00a0ma d\u00e9cision \u00e9tait prise :\u00a0je voulais int\u00e9grer cette \u00e9cole. \u00a0Toute ma scolarit\u00e9 a \u00e9t\u00e9 motiv\u00e9e par cet objectif\u2026.\u00e7a aide \u2026<\/div>\n<div class=\"et_pb_text et_pb_module et_pb_bg_layout_light et_pb_text_align_left et_pb_text_0\">\n<p>J\u2019ai connu les disques vinyles puis l\u2019arriv\u00e9 du num\u00e9rique avec les premiers lecteur CD et,\u00a0dans le monde professionnel l&rsquo;arriv\u00e9 de la console Yamaha 02R: une petite r\u00e9volution&#8230; J\u2019ai toujours \u00e9t\u00e9 un ardent d\u00e9fenseur de l\u2019analogique surtout \u00e0 l\u2019\u00e9poque ou l\u2019on disait que le num\u00e9rique \u00e9tait \u2018parfait \u2018. Pourtant le num\u00e9rique de l\u2019\u00e9poque \u00e9tait beaucoup moins performant qu\u2019actuellement.<\/p>\n<p><strong>A l&rsquo;\u00e9coute de tout mat\u00e9riel ma seule unit\u00e9 de valeur c&rsquo;est l&rsquo;\u00e9motion.<\/strong><\/p>\n<\/div>\n<div class=\"et_pb_text et_pb_module et_pb_bg_layout_light et_pb_text_align_left et_pb_text_0\"><strong>Audiograal en premier c\u2019est un blog o\u00f9 je partage mes\u00a0exp\u00e9riences d\u2019ing\u00e9nieur du Son.\u00a0L\u2019int\u00e9r\u00eat\u00a0c\u2019est de\u00a0proposer un autre un discours, un discours peut \u00eatre un peu moins \u201ctechnologique\u201d\u00a0<\/strong>Dans ce monde de l\u2019audio il y a tant de choses \u00e0 dire, \u00e0 faire\u00a0ou \u00e0 ne pas faire \u2026 Moi je ne me lasse pas d\u2019\u00e9couter de comparer pour gagner toujours un peu plus de \u201cMusique\u201d ou de \u201cSon\u201d.<br \/>\nMon nom est <strong>Franck Richard<\/strong>, \u00a0je travaille avec Potar-Hurlant depuis toujours mais \u00e9galement avec Impact Ev\u00e9nement pour le cot\u00e9 \u00e9v\u00e9nementiel, et aussi \u00a0avec des artistes en tant que free lance.<\/div>\n<div class=\"et_pb_text et_pb_module et_pb_bg_layout_light et_pb_text_align_left et_pb_text_0\">\n<h6>Ce site n&rsquo;est pas une boutique comprenant une liste exhaustive de mat\u00e9riel mais un choix m\u00fbri parmi cette liste. Je ne pr\u00e9tends pas avoir tout essayer mais je pr\u00e9tends proposer des solutions et des \u00e9volutions pertinentes avec toujours le souci d&rsquo;un tr\u00e8s bon rapport qualit\u00e9\/prix.<\/h6>\n<p>j\u2019ai \u00e9galement cr\u00e9\u00e9 3 autres Sites : \u00a0<strong><a href=\"http:\/\/www.cinod.fr\/\" target=\"_blank\" rel=\"noopener noreferrer\">www.cinod.fr<\/a><\/strong>\u00a0,\u00a0<strong>\u00a0<a href=\"http:\/\/www.monplandescene.com\/\" target=\"_blank\" rel=\"noopener noreferrer\">www.monplandescene.com<\/a>\u00a0<\/strong>qui vont bient\u00f4t former une seule entit\u00e9 ainsi que\u00a0<strong>www.visitFoto.com<\/strong>, un site pour partager des rep\u00e9rages techniques efficaces.<\/p>\n<p>Bonne lecture<\/p>\n<p>Franck<\/p>\n<\/div>\n<\/div>\n<\/div>\n<\/div>\n<\/div>\n","protected":false},"excerpt":{"rendered":"<p>Qui suis-je .. &nbsp; Je pratique ce m\u00e9tier (le Son) depuis plus de 25 ans .\u00a0 Je\u00a0 suis tomb\u00e9 dedans pas tout \u00e0 fait par hasard, car mes parents \u00e9taient tous les deux des artistes. Il m\u2019arrivait fr\u00e9quemment de les accompagner dans les studios d\u2019enregistrements o\u00f9 j\u2019ai tr\u00e8s vite \u00e9t\u00e9 fascin\u00e9 par cette ambiance tr\u00e8s [&hellip;]<\/p>\n","protected":false},"author":1,"featured_media":0,"parent":0,"menu_order":0,"comment_status":"closed","ping_status":"closed","template":"","meta":{"_et_pb_use_builder":"","_et_pb_old_content":"","_et_gb_content_width":"","footnotes":""},"class_list":["post-59","page","type-page","status-publish","hentry"],"_links":{"self":[{"href":"https:\/\/www.audiograal.com\/site\/wp-json\/wp\/v2\/pages\/59","targetHints":{"allow":["GET"]}}],"collection":[{"href":"https:\/\/www.audiograal.com\/site\/wp-json\/wp\/v2\/pages"}],"about":[{"href":"https:\/\/www.audiograal.com\/site\/wp-json\/wp\/v2\/types\/page"}],"author":[{"embeddable":true,"href":"https:\/\/www.audiograal.com\/site\/wp-json\/wp\/v2\/users\/1"}],"replies":[{"embeddable":true,"href":"https:\/\/www.audiograal.com\/site\/wp-json\/wp\/v2\/comments?post=59"}],"version-history":[{"count":8,"href":"https:\/\/www.audiograal.com\/site\/wp-json\/wp\/v2\/pages\/59\/revisions"}],"predecessor-version":[{"id":1315,"href":"https:\/\/www.audiograal.com\/site\/wp-json\/wp\/v2\/pages\/59\/revisions\/1315"}],"wp:attachment":[{"href":"https:\/\/www.audiograal.com\/site\/wp-json\/wp\/v2\/media?parent=59"}],"curies":[{"name":"wp","href":"https:\/\/api.w.org\/{rel}","templated":true}]}}